{"id":23,"date":"2024-04-12T01:38:16","date_gmt":"2024-04-12T01:38:16","guid":{"rendered":"https:\/\/acar.aero\/?page_id=23"},"modified":"2024-04-12T22:18:48","modified_gmt":"2024-04-12T19:18:48","slug":"despre","status":"publish","type":"page","link":"https:\/\/acar.aero\/en\/despre\/","title":{"rendered":"About"},"content":{"rendered":"<p>[et_pb_section fb_built=&#8221;1&#8243; _builder_version=&#8221;4.24.3&#8243; _module_preset=&#8221;default&#8221; global_colors_info=&#8221;{}&#8221;][et_pb_row _builder_version=&#8221;4.24.3&#8243; _module_preset=&#8221;default&#8221; global_colors_info=&#8221;{}&#8221;][et_pb_column type=&#8221;4_4&#8243; _builder_version=&#8221;4.24.3&#8243; _module_preset=&#8221;default&#8221; global_colors_info=&#8221;{}&#8221;][et_pb_heading title=&#8221;Despre ACAR \u201dCarpathia\u201d&#8221; _builder_version=&#8221;4.24.3&#8243; _module_preset=&#8221;default&#8221; global_colors_info=&#8221;{}&#8221;][\/et_pb_heading][\/et_pb_column][\/et_pb_row][et_pb_row _builder_version=&#8221;4.24.3&#8243; _module_preset=&#8221;default&#8221; global_colors_info=&#8221;{}&#8221;][et_pb_column type=&#8221;4_4&#8243; _builder_version=&#8221;4.24.3&#8243; _module_preset=&#8221;default&#8221; global_colors_info=&#8221;{}&#8221;][et_pb_text _builder_version=&#8221;4.24.3&#8243; _module_preset=&#8221;default&#8221; global_colors_info=&#8221;{}&#8221;]<\/p>\n<p>\u25ba \u00a0Asocia\u021bia adun\u0103 sub umbrela sa companiile aeriene \u00eenregistrate \u00een Rom\u00e2nia (de\u021bin\u0103toare de certificate de operator aerian \u0219i licen\u021ba de transport aerian eliberate de c\u0103tre Autoritatea Aeronautic\u0103 Civil\u0103 Rom\u00e2n\u0103 \u0219i Ministerul Transporturilor \u0219i Infrastructurii), av\u00e2nd ca scop principal promovarea, protejarea \u0219i sus\u021binerea intereselor acestora \u00een fa\u021ba provoc\u0103rilor industriei aviatice. Prin colaborare \u0219i reprezentare unit\u0103, ACAR \u201dCarpathia\u201d \u00ee\u0219i propune s\u0103 faciliteze dezvoltarea durabil\u0103 a avia\u021biei rom\u00e2ne\u0219ti.<\/p>\n<p>\u25ba \u00a0Viziunea noastr\u0103 este aceea de a fi vocea unitar\u0103 \u0219i influent\u0103 a avia\u021biei comerciale rom\u00e2ne\u0219ti, contribuind esen\u021bial la dezvoltarea durabil\u0103 \u0219i competitiv\u0103 a sectorului \u00een concordan\u021b\u0103 cu cele mai \u00eenalte standarde interna\u021bionale de siguran\u021b\u0103, securitate \u0219i eficien\u021b\u0103 opera\u021bional\u0103.<\/p>\n<p>\u25ba \u00a0Obiectivele ACAR \u201dCarpathia\u201d sunt acelea de a promova un mediu de afaceri stabil \u0219i predictibil care s\u0103 faciliteze dezvoltarea sustenabil\u0103 a membrilor, reprezentarea intereselor membrilor \u00een dialogul cu institu\u021biile, autorit\u0103\u021bile \u0219i alte entit\u0103\u021bi relevante la nivel na\u021bional \u0219i interna\u021bional, sus\u021binerea dezvolt\u0103rii infrastructurii aeriene din Rom\u00e2nia, pentru a asigura capacitatea necesar\u0103 cre\u0219terii traficului aerian \u0219i facilitarea schimbului de informa\u021bii \u0219i experien\u021be \u00eentre membri, pentru a \u00eembun\u0103t\u0103\u021bi eficien\u021ba \u0219i performan\u021ba opera\u021bional\u0103.<\/p>\n<p>[\/et_pb_text][\/et_pb_column][\/et_pb_row][\/et_pb_section]<\/p>\n","protected":false},"excerpt":{"rendered":"<p>\u25ba \u00a0Asocia\u021bia adun\u0103 sub umbrela sa companiile aeriene \u00eenregistrate \u00een Rom\u00e2nia (de\u021bin\u0103toare de certificate de operator aerian \u0219i licen\u021ba de transport aerian eliberate de c\u0103tre Autoritatea Aeronautic\u0103 Civil\u0103 Rom\u00e2n\u0103 \u0219i Ministerul Transporturilor \u0219i Infrastructurii), av\u00e2nd ca scop principal promovarea, protejarea \u0219i sus\u021binerea intereselor acestora \u00een fa\u021ba provoc\u0103rilor industriei aviatice. Prin colaborare \u0219i reprezentare unit\u0103, ACAR [&hellip;]<\/p>\n","protected":false},"author":2,"featured_media":0,"parent":0,"menu_order":0,"comment_status":"closed","ping_status":"closed","template":"","meta":{"_et_pb_use_builder":"on","_et_pb_old_content":"<!-- wp:divi\/placeholder \/-->","_et_gb_content_width":"","footnotes":""},"class_list":["post-23","page","type-page","status-publish","hentry"],"_links":{"self":[{"href":"https:\/\/acar.aero\/en\/wp-json\/wp\/v2\/pages\/23","targetHints":{"allow":["GET"]}}],"collection":[{"href":"https:\/\/acar.aero\/en\/wp-json\/wp\/v2\/pages"}],"about":[{"href":"https:\/\/acar.aero\/en\/wp-json\/wp\/v2\/types\/page"}],"author":[{"embeddable":true,"href":"https:\/\/acar.aero\/en\/wp-json\/wp\/v2\/users\/2"}],"replies":[{"embeddable":true,"href":"https:\/\/acar.aero\/en\/wp-json\/wp\/v2\/comments?post=23"}],"version-history":[{"count":4,"href":"https:\/\/acar.aero\/en\/wp-json\/wp\/v2\/pages\/23\/revisions"}],"predecessor-version":[{"id":108,"href":"https:\/\/acar.aero\/en\/wp-json\/wp\/v2\/pages\/23\/revisions\/108"}],"wp:attachment":[{"href":"https:\/\/acar.aero\/en\/wp-json\/wp\/v2\/media?parent=23"}],"curies":[{"name":"wp","href":"https:\/\/api.w.org\/{rel}","templated":true}]}}